{"id":7,"date":"2019-09-05T08:43:52","date_gmt":"2019-09-05T08:43:52","guid":{"rendered":"https:\/\/prodent.rs\/sr\/?p=7"},"modified":"2024-12-29T13:59:59","modified_gmt":"2024-12-29T13:59:59","slug":"tamaskovac","status":"publish","type":"page","link":"https:\/\/prodent.rs\/sr\/tamaskovac\/","title":{"rendered":"Tama\u0161 Kova\u010d"},"content":{"rendered":"<div><span>Osniva\u010d ordinacije i garancija kvaliteta<\/span><\/div>\n<h1>Tama\u0161 Kova\u010d<\/h1>\n<p><img decoding=\"async\" src=\"\/sr\/wp-content\/uploads\/2024\/12\/T2.png\" alt=\"\"><\/p>\n<hr>\n<p><img decoding=\"async\" src=\"\/sr\/wp-content\/uploads\/yootheme\/gina-lange-dmd-hero-mobile.png\" alt=\"\"><\/p>\n<div>\n<p>Ro\u0111en sam 17.11.1976. u Subotici, gde sam poha\u0111ao i gimnaziju na ma\u0111arskom jeziku.<\/p>\n<p>Stomatolo\u0161ki fakultet sam zavr\u0161io 2001. u Beogradu sa prose\u010dnom ocenom 9,63. Na \u0161estoj godini sam izabran za studenta generacije uz jo\u0161 jednog kolegu.<\/p>\n<p>Naspram ponu\u0111enog radnog mesta asistenta na 5 klinika, ja sam ipak izabrao svakodnevnu aktivnu stomatolo\u0161ku praksu.<\/p>\n<p>4 godine sam radio u DZ Kanji\u017ea, a od 2005-te godine sam otvorio sopstvenu privatnu ordinaciju.<\/p>\n<p>Sem ortodontskog tretmana, sve ostale intervencije li\u010dno pru\u017eim mojim pacijentima.<\/p>\n<p>Kontinuiranu medicinsku edukaciju sam zapo\u010deo u Srbiji i u susednim zemljama u vidu u\u010de\u0161\u0107a na kongresima i kursevima, a posle toga sam odr\u017eao nekoliko predavanja na doma\u0107im kongresima sa temama dentalne fotografije, adhezivne- i estetske stomatologije, kao i objavio nekoliko \u010dlanaka u doma\u0107im \u010dasopisima sa sli\u010dnom tematikom.<\/p>\n<p>Na inostranim kongresima sam u\u010dio od slede\u0107ih velikana na\u0161e struke: G\u00fcrel,<span class=\"Apple-converted-space\">\u00a0 <\/span>Magne, Dietschi, Buser, Zuhr, H\u00fcrzler, Lang, Douglas, Salama, Garber, Kois, Spear, Fradeani, Steigmann, Bazos, Politano, Mangani, Putignano, Fabianelli, Browet, Mankoo, Goldstein, Mechanic, Geller, Koubi, van Dooren, Ricci, Ferraris, Ferrari, Chu, D<span>\u2019<\/span>Arcangelo, Tarnow, Gerloczy, Barghi, Rondoni, Schwarz, Winkler, Rojas-Vizcaya, Y\u00fcksel, Yoshida, Bichacho, Roulet, Krejci, Rasperini, Grunder, Jovanovic, Kano, Urban, Van Meerbeek, Frankenberger, Sculean, Malament, Calesini, Vailatti, Edelhoff&#8230;<\/p>\n<\/div>\n<h2>Specijalizovani smo za:<\/h2>\n<ul>\n<li>\n<p><img decoding=\"async\" src=\"\/sr\/wp-content\/uploads\/yootheme\/icon-services-general-dentistry.svg\" alt=\"\"><\/p>\n<h3>Preventivna stomatologija<\/h3>\n<p><a href=\"\/sr\/preventivna-stomatologija\/\"><\/a><\/p>\n<\/li>\n<li>\n<p><img decoding=\"async\" src=\"\/sr\/wp-content\/uploads\/yootheme\/icon-services-implant-dentistry.svg\" alt=\"\"><\/p>\n<h3>Bolesti usta Parodontopatije<\/h3>\n<p><a href=\"\/sr\/bolesti-usta-parodontopatije\/\"><\/a><\/p>\n<\/li>\n<li>\n<p><img decoding=\"async\" src=\"\/sr\/wp-content\/uploads\/2024\/10\/icon-services-digital-rendgen.svg\" alt=\"\"><\/p>\n<h3>Rendgen<\/h3>\n<p><a href=\"\/sr\/rendgen\/\"><\/a><\/p>\n<\/li>\n<li>\n<p><img decoding=\"async\" src=\"\/sr\/wp-content\/uploads\/yootheme\/icon-services-cosmetic-dentistry.svg\" alt=\"\"><\/p>\n<h3>Estetska stomatologija<\/h3>\n<p><a href=\"\/sr\/kozmeticka-stomatologija\/\"><\/a><\/p>\n<\/li>\n<li>\n<p><img decoding=\"async\" src=\"\/sr\/wp-content\/uploads\/yootheme\/icon-services-pediatric-dentistry.svg\" alt=\"\"><\/p>\n<h3>Protetika<\/h3>\n<p><a href=\"\/sr\/protetika\/\"><\/a><\/p>\n<\/li>\n<li>\n<p><img decoding=\"async\" src=\"\/sr\/wp-content\/uploads\/yootheme\/icon-services-endodontics.svg\" alt=\"\"><\/p>\n<h3>Le\u010denje korena<\/h3>\n<p><a href=\"\/sr\/lecenje-korena\/\"><\/a><\/p>\n<\/li>\n<li>\n<p><img decoding=\"async\" src=\"\/sr\/wp-content\/uploads\/yootheme\/icon-services-dental-surgery.svg\" alt=\"\"><\/p>\n<h3>Ispuni<\/h3>\n<p><a href=\"\/sr\/ispuni\/\"><\/a><\/p>\n<\/li>\n<li>\n<p><img decoding=\"async\" src=\"\/sr\/wp-content\/uploads\/yootheme\/icon-services-emergency-care.svg\" alt=\"\"><\/p>\n<h3>Oralna hirurgija<\/h3>\n<p><a href=\"\/sr\/oralna-hirurgija\/\"><\/a><\/p>\n<\/li>\n<li>\n<p><img decoding=\"async\" src=\"\/sr\/wp-content\/uploads\/yootheme\/icon-services-cosmetic-dentistry.svg\" alt=\"\"><\/p>\n<h3>Beljenje zuba<\/h3>\n<p><a href=\"\/sr\/beljenje-zuba\/\"><\/a><\/p>\n<\/li>\n<li>\n<p><img decoding=\"async\" src=\"\/sr\/wp-content\/uploads\/2024\/10\/icon-services-shiny.png\" alt=\"\"><\/p>\n<h3>Nakit za zube<\/h3>\n<p><a href=\"\/sr\/ostalo\/\"><\/a><\/p>\n<\/li>\n<\/ul>\n<p><img decoding=\"async\" src=\"\/sr\/wp-content\/uploads\/yootheme\/gina-lange-dmd-shape-01.svg\" alt=\"\"><br \/>\n<img decoding=\"async\" src=\"\/sr\/wp-content\/uploads\/yootheme\/gina-lange-dmd-shape-02.svg\" alt=\"\"><\/p>\n<h2>\n<p>Redovno u\u010destvujem na ESCD kongresima 2007-2018 i 2024.<\/p>\n<p>Competence in Esthetics 2009-2018.<\/p>\n<p>Szeged Symposium 2008-2018.<\/p>\n<\/h2>\n<div>\n<h5><strong>Najve\u0107i zna\u010daj pridajem slede\u0107im:<\/strong><\/h5>\n<ul>\n<li>\n<h6>2006 \u2013 Kurs preparacije za bezmetalnu keramiku Paul Gerloczy<\/h6>\n<\/li>\n<li>\n<h6>2008 \u2013 Implantolo\u0161ki kurs N\u00fcrnberg-Prof. M. Lang<\/h6>\n<\/li>\n<li>\n<h6>2009 \u2013 IFED-AACD-AAED joined Congress <strong>Las Vegas<\/strong><\/h6>\n<\/li>\n<li>\n<h6>2010 \u2013 Astra Tech dental Implant vi\u0161efazni hands-on kurs (Opatija\/Beograd Dr. Jelu\u0161i\u0107\/Prof. Aleksi\u0107\/Prof. Juri\u0161i\u0107\/Prof. Lazi\u0107)<\/h6>\n<\/li>\n<li>\n<h6>2012 \u2013 DSD (digital smile design) kurs Coachman-Ricci Firenze<\/h6>\n<\/li>\n<li>\n<h6>2014 \u2013 Bio_Emulation Colloquium Santorini<\/h6>\n<\/li>\n<li>\n<h6>2014 \u2013 ESCD certified active \u010dlanstvo<\/h6>\n<\/li>\n<li>\n<h6>2015 \u2013 Jason Smithson anterior direct resin hands-on kurs Budimpe\u0161ta<\/h6>\n<\/li>\n<li>\n<h6>2015 \u2013 predava\u010d \u2013 ESCD Cannes<\/h6>\n<\/li>\n<li>\n<h6>2016 \u2013 predava\u010d \u2013 Aesthetic Dental Moment Zadar 2016<\/h6>\n<\/li>\n<li>\n<h6>2016 \u2013 predava\u010d \u2013 ESCD Study Club Serbia Belgrade<\/h6>\n<\/li>\n<li>\n<h6>2016 \u2013 predava\u010d \u2013 ESCD Krakow<span class=\"Apple-converted-space\">\u00a0<\/span><\/h6>\n<\/li>\n<li>\n<h6>2016 \u2013 mekotkivni hands-on kurs Andr\u00e9 Saadoun ESCD Krakow<\/h6>\n<\/li>\n<li>\n<h6>2016 \u2013 asistent na Jason Smithson posterior direct resin hands-on kursu, kao Jan Hajt\u00f3 veneer preapration hands-on kursu u Budimpe\u0161ti<\/h6>\n<\/li>\n<li>\n<h6>2017 \u2013 predava\u010d sa temom kompletne rehabilitacije OFS-a \u2013 Aesthetic Dental Moment Zadar 2017, Dental World Budapest 2017<\/h6>\n<\/li>\n<li>\n<h6>2017 \u2013 u\u010desnik ESCD closed meeting Bucharest i ESCD Zagreb meeting<\/h6>\n<\/li>\n<li>\n<h6>2018 \u2013 u\u010desnik na dvodnevnom seminaru o VertiKal (Venuti, Maiolino) preparaciji u Beogradu<\/h6>\n<\/li>\n<li>\n<h6>2018 \u2013 predava\u010d i voditelj kurseva u Srbiji sa temama: dentalna fotografija, digitalno planiranje osmeha, planiranje kompletnih rehabilitacija, direktne posteriorne i anteriorne kompozitne rekonstrukcije, kao i kerami\u010dke ljuspice.<\/h6>\n<\/li>\n<li>\n<h6>2018 \u2013 predava\u010d sa temom linijska demarkacija preparacije: Dental World Budapest<\/h6>\n<\/li>\n<li>\n<h6>2018 \u2013 u\u010desnik hirur\u0161kih hands-on kurseva Radoslava Jadacha u Beogradu<\/h6>\n<\/li>\n<li>\n<h6>2019 \u2013 voditelj hands-on i workshop-ova dentalne fotografije, linijske preparacije i planiranje kompletnih rehabilitacija u Beogradu i Budimpe\u0161ti<\/h6>\n<\/li>\n<li>\n<h6>2019 \u2013 u\u010desnik na 2. Balkan Implant Forum-u u Beogradu<\/h6>\n<\/li>\n<li>\n<h6>2019 \u2013 u\u010desnik na Tomorrow Tooth VertiKal preparation Venuti \u2013 Maiolino u Beogradu<\/h6>\n<\/li>\n<li>\n<h6>2019 \u2013 u\u010desnik na Simpozijumu Sinergija 2.0 u Beogradu<\/h6>\n<\/li>\n<li>\n<h6>2019 \u2013 u\u010desnik Prof. Rocabado masterclass na temu cranio-mandibularne disfunkcije u Klu\u017eu<\/h6>\n<\/li>\n<li>\n<h6>2019. \u2013 u\u010desnik na mukogingivalnom kursu Ricardo Kern-a u Beogradu<\/h6>\n<\/li>\n<li>\n<h6>2020 \u2013 predava\u010d i voditelj kurseva u Beogradu, Budimpe\u0161ti, Satu Mare i Podgorici sa temama: dentalna fotografija, digitalno planiranje osmeha, planiranje kompletnih rehabilitacija, kao i kerami\u010dke ljuspice.<\/h6>\n<\/li>\n<li>\n<h6>2021 \u2013 petodnevni Smylist masterclass kod Dr. Csillag M\u00e1ria-e u Budimpe\u0161ti<\/h6>\n<\/li>\n<li>\n<h6>2021 \u2013 predava\u010d i voditelj kurseva u Beogradu i Budimpe\u0161ti sa temama: vertiprep, planiranje kompletnih rehabilitacija, TMZagri\u017eaj kao i kerami\u010dke ljuspice.<\/h6>\n<\/li>\n<li>\n<h6>2022 \u2013 Smylist predava\u010d-Zadar: Aesthetic Dental Moments (najzna\u010dajniji hrvatski kongres estetske dentalne medicine)<\/h6>\n<\/li>\n<li>\n<h6>2022 \u2013 u\u010desnik na biomimetic posterior course \u2013 Dr. Forster Andr\u00e1s \u2013 Budimpe\u0161ta<\/h6>\n<\/li>\n<li>\n<h6>2022 \u2013 predava\u010d na 1. Smylist World Congress, Hyderabad, India<\/h6>\n<\/li>\n<li>\n<h6>2022 \u2013 Eugenio Longo \u2013 mukogingivalni hirur\u0161ki hands-on kurs Beograd<\/h6>\n<\/li>\n<li>\n<h6>2022 \u2013 OHI-S \u00e9s Ulpia online predava\u010d na temu vertikalne preparacije<\/h6>\n<\/li>\n<li>\n<h6>2022 \u2013<span class=\"Apple-converted-space\">\u00a0 <\/span>2 dnevni privatni kurs o kompleksnim rehabilitacijama za zaposlene jedne privatne klinike Osijek, Hrvatska<span class=\"Apple-converted-space\">\u00a0<\/span><\/h6>\n<\/li>\n<li>\n<h6>2022\/2023 \u2013<span class=\"Apple-converted-space\">\u00a0 <\/span>predava\u010d i voditelj kurseva u Beogradu, Sarajevu, Rumuniji i Budimpe\u0161ti sa temama: planiranje kompletnih rehabilitacija, vertiprep, TMZagri\u017eaj kao i kerami\u010dke ljuspice.<\/h6>\n<\/li>\n<li>\n<h6>2022\/2023 \u2013 Smylist mastercourse (ukupno 6 dana), Budimpe\u0161ta<\/h6>\n<\/li>\n<li>\n<h6>2023 \u2013 predava\u010d na kursu digitalnog planiranja osmeha u Beogradu<\/h6>\n<\/li>\n<li>\n<h6>2023 \u2013 predava\u010d na kongresu Ma\u0111arskog Udru\u017eenja za Estetsku i Restaurativnu stom. U Budimpe\u0161ti<\/h6>\n<\/li>\n<li>\n<h6>2023 \u2013 u\u010desnik na posterior resin course \u2013 Dr. Mindaugas Kudelis \u2013 Budimpe\u0161ta<\/h6>\n<\/li>\n<li>\n<h6>2023-<span class=\"Apple-converted-space\">\u00a0 <\/span>2 dnevni privatni kurs o kompleksnim rehabilitacijama za zaposlene jedne privatne klinike Rijeka, Hrvatska<\/h6>\n<\/li>\n<li>\n<h6>2023 \u2013 Eugenio Longo \u2013 implantoplo\u0161ki hands-on kurs u<span class=\"Apple-converted-space\">\u00a0 <\/span>Beogradu<\/h6>\n<\/li>\n<li>\n<h6>2023 \u2013 u\u010desnik na Functional dentistry congress (Okeson, Orthlieb\u2026) \u2013 Madrid, \u0160panija<\/h6>\n<\/li>\n<li>\n<h6>2024 \u2013<span class=\"Apple-converted-space\">\u00a0 <\/span>predava\u010d i voditelj kurseva u Beogradu i Budimpe\u0161ti sa temama: planiranje kompletnih rehabilitacija, vertiprep, TMZagri\u017eaj kao i kerami\u010dke ljuspice.<\/h6>\n<\/li>\n<li>\n<h6>2024 \u2013 u\u010desnik na Paulo Carvalho mukogingivalnom kursu u Beogradu<span class=\"Apple-converted-space\">\u00a0<\/span><\/h6>\n<\/li>\n<li>\n<h6>2024 \u2013 Smylist gnatolo\u0161ki i master degree course i osvajanje zvanja Smylist master and lecturer, Smylist on ESCD Belgrade 2024 predava\u010d sa Dr. Csillag M\u00e1ria<\/h6>\n<\/li>\n<\/ul>\n<h5>i ne stajem, jer pacijenti zaslu\u017euju najaktuelnije znanje i maksimalisti\u010dku odanost!!!<\/h5>\n<\/div>\n<h2><span>Sertifikati i nagrade, diplome<\/span><\/h2>\n<ul>\n<li>\n<p><img decoding=\"async\" src=\"\/sr\/wp-content\/uploads\/2024\/12\/d-1-scaled.jpg\" alt=\"\"><\/p>\n<\/li>\n<li>\n<p><img decoding=\"async\" src=\"\/sr\/wp-content\/uploads\/2024\/12\/d-2-scaled.jpg\" alt=\"\"><\/p>\n<\/li>\n<li>\n<p><img decoding=\"async\" src=\"\/sr\/wp-content\/uploads\/2024\/12\/d-3-scaled.jpg\" alt=\"\"><\/p>\n<\/li>\n<li>\n<p><img decoding=\"async\" src=\"\/sr\/wp-content\/uploads\/2024\/12\/d-4-scaled.jpg\" alt=\"\"><\/p>\n<\/li>\n<li>\n<p><img decoding=\"async\" src=\"\/sr\/wp-content\/uploads\/2024\/12\/d-5-scaled.jpg\" alt=\"\"><\/p>\n<\/li>\n<li>\n<p><img decoding=\"async\" src=\"\/sr\/wp-content\/uploads\/2024\/12\/d-6-scaled.jpg\" alt=\"\"><\/p>\n<\/li>\n<li>\n<p><img decoding=\"async\" src=\"\/sr\/wp-content\/uploads\/2024\/12\/d-7m-scaled.jpg\" alt=\"\"><\/p>\n<\/li>\n<li>\n<p><img decoding=\"async\" src=\"\/sr\/wp-content\/uploads\/2024\/12\/d-8m-scaled.jpg\" alt=\"\"><\/p>\n<\/li>\n<li>\n<p><img decoding=\"async\" src=\"\/sr\/wp-content\/uploads\/2024\/12\/d-11m-scaled.jpg\" alt=\"\"><\/p>\n<\/li>\n<li>\n<p><img decoding=\"async\" src=\"\/sr\/wp-content\/uploads\/2024\/12\/d-10m-scaled.jpg\" alt=\"\"><\/p>\n<\/li>\n<\/ul>\n<h2>Zaka\u017eite termin<\/h2>\n<ul>\n<li>\n<h3>Ponedeljak<\/h3>\n<div>\n<p><span>14-19<\/span><\/p>\n<\/div>\n<\/li>\n<li>\n<h3>Utorak<\/h3>\n<div>\n<p><span>8-13<\/span><\/p>\n<\/div>\n<\/li>\n<li>\n<h3>Sreda<\/h3>\n<div>\n<p><span>14-19<\/span><\/p>\n<\/div>\n<\/li>\n<li>\n<h3>\u010cetvrtak<\/h3>\n<div>\n<p><span>8-13<\/span><\/p>\n<\/div>\n<\/li>\n<li>\n<h3>Petak<\/h3>\n<div>\n<p><span>8-13<\/span><\/p>\n<\/div>\n<\/li>\n<li>\n<h3>Subota<\/h3>\n<div>\n<p>\u2014<\/p>\n<\/div>\n<\/li>\n<\/ul>\n<h2><span>Saznajte vi\u0161e o na\u0161oj praksi<\/span><\/h2>\n<div>\n<p><span>Upoznajte tim i istra\u017eite na\u0161u praksu.<\/span><\/p>\n<\/div>\n<p><!--more--><br \/>\n<!-- {\"type\":\"layout\",\"children\":[{\"type\":\"section\",\"props\":{\"image_position\":\"center-center\",\"padding\":\"large\",\"style\":\"default\",\"title_breakpoint\":\"xl\",\"title_position\":\"top-left\",\"title_rotation\":\"left\",\"vertical_align\":\"\",\"width\":\"default\"},\"children\":[{\"type\":\"row\",\"children\":[{\"type\":\"column\",\"props\":{\"image_position\":\"center-center\",\"position_sticky_breakpoint\":\"m\"},\"children\":[{\"type\":\"headline\",\"props\":{\"content\":\"<span>Osniva\\u010d ordinacije i garancija kvaliteta<\\\/span>\",\"text_align\":\"center\",\"title_color\":\"primary\",\"title_element\":\"div\",\"title_style\":\"h6\"}},{\"type\":\"headline\",\"props\":{\"content\":\"Tama\\u0161 Kova\\u010d\",\"margin\":\"small\",\"text_align\":\"center\",\"title_element\":\"h1\"}},{\"type\":\"image\",\"props\":{\"animation\":\"none\",\"blend\":false,\"block_align\":\"center\",\"block_align_breakpoint\":\"m\",\"container_padding_remove\":false,\"image\":\"wp-content\\\/uploads\\\/2024\\\/12\\\/T2.png\",\"image_border\":\"circle\",\"image_box_shadow\":\"medium\",\"image_loading\":true,\"image_svg_color\":\"emphasis\",\"image_width\":250,\"margin\":\"small\",\"margin_remove_bottom\":true,\"maxwidth\":\"xlarge\",\"maxwidth_breakpoint\":\"m\",\"text_align\":\"center\",\"visibility\":\"s\"}},{\"type\":\"divider\",\"props\":{\"divider_element\":\"hr\",\"divider_style\":\"icon\"}},{\"type\":\"image\",\"props\":{\"image\":\"wp-content\\\/uploads\\\/yootheme\\\/gina-lange-dmd-hero-mobile.png\",\"image_loading\":true,\"image_svg_color\":\"emphasis\",\"image_width\":\"610\",\"margin\":\"remove-vertical\",\"text_align\":\"center\",\"visibility\":\"hidden-s\"}}]}]},{\"type\":\"row\",\"props\":{\"margin\":\"large\",\"width\":\"small\"},\"children\":[{\"type\":\"column\",\"props\":{\"image_position\":\"center-center\",\"position_sticky_breakpoint\":\"m\"},\"children\":[{\"type\":\"text\",\"props\":{\"column\":\"1-2\",\"column_breakpoint\":\"s\",\"content\":\"\n\n<p>Ro\\u0111en sam 17.11.1976. u Subotici, gde sam poha\\u0111ao i gimnaziju na ma\\u0111arskom jeziku.<\\\/p>\\n\n\n<p>Stomatolo\\u0161ki fakultet sam zavr\\u0161io 2001. u Beogradu sa prose\\u010dnom ocenom 9,63. Na \\u0161estoj godini sam izabran za studenta generacije uz jo\\u0161 jednog kolegu.<\\\/p>\\n\n\n<p>Naspram ponu\\u0111enog radnog mesta asistenta na 5 klinika, ja sam ipak izabrao svakodnevnu aktivnu stomatolo\\u0161ku praksu.<\\\/p>\\n\n\n<p>4 godine sam radio u DZ Kanji\\u017ea, a od 2005-te godine sam otvorio sopstvenu privatnu ordinaciju.<\\\/p>\\n\n\n<p>Sem ortodontskog tretmana, sve ostale intervencije li\\u010dno pru\\u017eim mojim pacijentima.<\\\/p>\\n\n\n<p>Kontinuiranu medicinsku edukaciju sam zapo\\u010deo u Srbiji i u susednim zemljama u vidu u\\u010de\\u0161\\u0107a na kongresima i kursevima, a posle toga sam odr\\u017eao nekoliko predavanja na doma\\u0107im kongresima sa temama dentalne fotografije, adhezivne- i estetske stomatologije, kao i objavio nekoliko \\u010dlanaka u doma\\u0107im \\u010dasopisima sa sli\\u010dnom tematikom.<\\\/p>\\n\n\n<p>Na inostranim kongresima sam u\\u010dio od slede\\u0107ih velikana na\\u0161e struke: G\\u00fcrel,<span class=\\\"Apple-converted-space\\\">\\u00a0 <\\\/span>Magne, Dietschi, Buser, Zuhr, H\\u00fcrzler, Lang, Douglas, Salama, Garber, Kois, Spear, Fradeani, Steigmann, Bazos, Politano, Mangani, Putignano, Fabianelli, Browet, Mankoo, Goldstein, Mechanic, Geller, Koubi, van Dooren, Ricci, Ferraris, Ferrari, Chu, D<span>\\u2019<\\\/span>Arcangelo, Tarnow, Gerloczy, Barghi, Rondoni, Schwarz, Winkler, Rojas-Vizcaya, Y\\u00fcksel, Yoshida, Bichacho, Roulet, Krejci, Rasperini, Grunder, Jovanovic, Kano, Urban, Van Meerbeek, Frankenberger, Sculean, Malament, Calesini, Vailatti, Edelhoff...<\\\/p>\",\"margin\":\"default\"}}]}]}],\"name\":\"Hero\"},{\"type\":\"section\",\"props\":{\"image_position\":\"center-center\",\"padding\":\"large\",\"padding_remove_bottom\":false,\"padding_remove_top\":true,\"style\":\"default\",\"title_breakpoint\":\"xl\",\"title_position\":\"top-left\",\"title_rotation\":\"left\",\"vertical_align\":\"\",\"width\":\"small\"},\"children\":[{\"type\":\"row\",\"props\":{\"column_gap\":\"large\"},\"children\":[{\"type\":\"column\",\"props\":{\"image_position\":\"center-center\",\"position_sticky_breakpoint\":\"m\"},\"children\":[{\"type\":\"headline\",\"props\":{\"content\":\"Specijalizovani smo za:\",\"text_align\":\"center\",\"title_element\":\"h2\"}},{\"type\":\"grid\",\"props\":{\"content_column_breakpoint\":\"m\",\"filter_align\":\"left\",\"filter_all\":true,\"filter_grid_breakpoint\":\"m\",\"filter_grid_width\":\"auto\",\"filter_position\":\"top\",\"filter_style\":\"tab\",\"grid_column_gap\":\"small\",\"grid_default\":\"1\",\"grid_medium\":\"\",\"grid_row_gap\":\"small\",\"grid_small\":\"2\",\"icon_width\":80,\"image_align\":\"left\",\"image_grid_breakpoint\":\"\",\"image_grid_column_gap\":\"medium\",\"image_grid_width\":\"auto\",\"image_height\":\"68\",\"image_svg_color\":\"emphasis\",\"image_vertical_align\":true,\"image_width\":\"68\",\"item_animation\":true,\"link_style\":\"default\",\"link_text\":\"\",\"margin\":\"medium\",\"meta_align\":\"below-title\",\"meta_element\":\"div\",\"meta_style\":\"text-meta\",\"panel_link\":true,\"panel_padding\":\"small\",\"panel_style\":\"card-default\",\"parallax_easing\":\"1\",\"show_content\":true,\"show_image\":true,\"show_link\":true,\"show_meta\":true,\"show_title\":true,\"title_align\":\"top\",\"title_element\":\"h3\",\"title_grid_breakpoint\":\"m\",\"title_grid_width\":\"1-2\",\"title_hover_style\":\"reset\",\"title_style\":\"h4\"},\"children\":[{\"type\":\"grid_item\",\"props\":{\"image\":\"wp-content\\\/uploads\\\/yootheme\\\/icon-services-general-dentistry.svg\",\"link\":\"preventivna-stomatologija\\\/\",\"title\":\"Preventivna stomatologija\"}},{\"type\":\"grid_item\",\"props\":{\"image\":\"wp-content\\\/uploads\\\/yootheme\\\/icon-services-implant-dentistry.svg\",\"link\":\"bolesti-usta-parodontopatije\\\/\",\"title\":\"Bolesti usta Parodontopatije\"}},{\"type\":\"grid_item\",\"props\":{\"image\":\"wp-content\\\/uploads\\\/2024\\\/10\\\/icon-services-digital-rendgen.svg\",\"link\":\"rendgen\\\/\",\"title\":\"Rendgen\"}},{\"type\":\"grid_item\",\"props\":{\"image\":\"wp-content\\\/uploads\\\/yootheme\\\/icon-services-cosmetic-dentistry.svg\",\"link\":\"kozmeticka-stomatologija\\\/\",\"title\":\"Estetska stomatologija\"}},{\"type\":\"grid_item\",\"props\":{\"image\":\"wp-content\\\/uploads\\\/yootheme\\\/icon-services-pediatric-dentistry.svg\",\"link\":\"protetika\\\/\",\"title\":\"Protetika\"}},{\"type\":\"grid_item\",\"props\":{\"image\":\"wp-content\\\/uploads\\\/yootheme\\\/icon-services-endodontics.svg\",\"link\":\"lecenje-korena\\\/\",\"title\":\"Le\\u010denje korena\"}},{\"type\":\"grid_item\",\"props\":{\"image\":\"wp-content\\\/uploads\\\/yootheme\\\/icon-services-dental-surgery.svg\",\"link\":\"ispuni\\\/\",\"title\":\"Ispuni\"}},{\"type\":\"grid_item\",\"props\":{\"image\":\"wp-content\\\/uploads\\\/yootheme\\\/icon-services-emergency-care.svg\",\"link\":\"oralna-hirurgija\\\/\",\"title\":\"Oralna hirurgija\"}},{\"type\":\"grid_item\",\"props\":{\"image\":\"wp-content\\\/uploads\\\/yootheme\\\/icon-services-cosmetic-dentistry.svg\",\"link\":\"beljenje-zuba\\\/\",\"title\":\"Beljenje zuba\"}},{\"type\":\"grid_item\",\"props\":{\"image\":\"wp-content\\\/uploads\\\/2024\\\/10\\\/icon-services-shiny.png\",\"link\":\"ostalo\\\/\",\"title\":\"Nakit za zube\"}}]}]}]}],\"name\":\"Specialties\"},{\"type\":\"section\",\"props\":{\"image_position\":\"center-center\",\"padding\":\"large\",\"padding_remove_bottom\":false,\"padding_remove_top\":true,\"style\":\"default\",\"title_breakpoint\":\"xl\",\"title_position\":\"top-left\",\"title_rotation\":\"left\",\"vertical_align\":\"\",\"width\":\"\"},\"children\":[{\"type\":\"row\",\"props\":{\"margin\":\"remove-vertical\"},\"children\":[{\"type\":\"column\",\"props\":{\"image_position\":\"center-center\",\"position_sticky_breakpoint\":\"m\"},\"children\":[{\"type\":\"image\",\"props\":{\"image\":\"wp-content\\\/uploads\\\/yootheme\\\/gina-lange-dmd-shape-01.svg\",\"image_height\":\"360\",\"image_svg_color\":\"\",\"image_svg_inline\":false,\"image_width\":\"240\",\"margin\":\"default\",\"position\":\"absolute\",\"position_top\":\"-300\",\"visibility\":\"xl\"}},{\"type\":\"image\",\"props\":{\"css\":\".el-image {max-width: 20vw;}\",\"image\":\"wp-content\\\/uploads\\\/yootheme\\\/gina-lange-dmd-shape-02.svg\",\"image_height\":\"260\",\"image_svg_animate\":false,\"image_svg_color\":\"\",\"image_svg_inline\":false,\"image_width\":\"260\",\"margin\":\"default\",\"position\":\"absolute\",\"position_top\":\"60\",\"text_align\":\"right\",\"visibility\":\"l\"}}]}]},{\"type\":\"row\",\"props\":{\"column_gap\":\"large\",\"layout\":\"1-3,2-3\",\"margin\":\"xlarge\",\"margin_remove_top\":false,\"width\":\"small\"},\"children\":[{\"type\":\"column\",\"props\":{\"image_position\":\"center-center\",\"position_sticky_breakpoint\":\"m\",\"width_medium\":\"1-3\"},\"children\":[{\"type\":\"headline\",\"props\":{\"content\":\"\n\n<p>Redovno u\\u010destvujem na ESCD kongresima 2007-2018 i 2024.<\\\/p>\\n\n\n<p>Competence in Esthetics 2009-2018.<\\\/p>\\n\n\n<p>Szeged Symposium 2008-2018.<\\\/p>\",\"position\":\"relative\",\"position_z_index\":\"1\",\"title_element\":\"h2\",\"title_style\":\"h3\"}}]},{\"type\":\"column\",\"props\":{\"image_position\":\"center-center\",\"position_sticky_breakpoint\":\"m\",\"width_medium\":\"2-3\"},\"children\":[{\"type\":\"text\",\"props\":{\"column_breakpoint\":\"m\",\"content\":\"\n\n<h5><strong>Najve\\u0107i zna\\u010daj pridajem slede\\u0107im:<\\\/strong><\\\/h5>\\n\n\n<ul>\\n\n\n<li>\\n\n\n<h6>2006 \\u2013 Kurs preparacije za bezmetalnu keramiku Paul Gerloczy<\\\/h6>\\n<\\\/li>\\n\n\n<li>\\n\n\n<h6>2008 \\u2013 Implantolo\\u0161ki kurs N\\u00fcrnberg-Prof. M. Lang<\\\/h6>\\n<\\\/li>\\n\n\n<li>\\n\n\n<h6>2009 \\u2013 IFED-AACD-AAED joined Congress <strong>Las Vegas<\\\/strong><\\\/h6>\\n<\\\/li>\\n\n\n<li>\\n\n\n<h6>2010 \\u2013 Astra Tech dental Implant vi\\u0161efazni hands-on kurs (Opatija\\\/Beograd Dr. Jelu\\u0161i\\u0107\\\/Prof. Aleksi\\u0107\\\/Prof. Juri\\u0161i\\u0107\\\/Prof. Lazi\\u0107)<\\\/h6>\\n<\\\/li>\\n\n\n<li>\\n\n\n<h6>2012 \\u2013 DSD (digital smile design) kurs Coachman-Ricci Firenze<\\\/h6>\\n<\\\/li>\\n\n\n<li>\\n\n\n<h6>2014 \\u2013 Bio_Emulation Colloquium Santorini<\\\/h6>\\n<\\\/li>\\n\n\n<li>\\n\n\n<h6>2014 \\u2013 ESCD certified active \\u010dlanstvo<\\\/h6>\\n<\\\/li>\\n\n\n<li>\\n\n\n<h6>2015 \\u2013 Jason Smithson anterior direct resin hands-on kurs Budimpe\\u0161ta<\\\/h6>\\n<\\\/li>\\n\n\n<li>\\n\n\n<h6>2015 \\u2013 predava\\u010d \\u2013 ESCD Cannes<\\\/h6>\\n<\\\/li>\\n\n\n<li>\\n\n\n<h6>2016 \\u2013 predava\\u010d \\u2013 Aesthetic Dental Moment Zadar 2016<\\\/h6>\\n<\\\/li>\\n\n\n<li>\\n\n\n<h6>2016 \\u2013 predava\\u010d \\u2013 ESCD Study Club Serbia Belgrade<\\\/h6>\\n<\\\/li>\\n\n\n<li>\\n\n\n<h6>2016 \\u2013 predava\\u010d \\u2013 ESCD Krakow<span class=\\\"Apple-converted-space\\\">\\u00a0<\\\/span><\\\/h6>\\n<\\\/li>\\n\n\n<li>\\n\n\n<h6>2016 \\u2013 mekotkivni hands-on kurs Andr\\u00e9 Saadoun ESCD Krakow<\\\/h6>\\n<\\\/li>\\n\n\n<li>\\n\n\n<h6>2016 \\u2013 asistent na Jason Smithson posterior direct resin hands-on kursu, kao Jan Hajt\\u00f3 veneer preapration hands-on kursu u Budimpe\\u0161ti<\\\/h6>\\n<\\\/li>\\n\n\n<li>\\n\n\n<h6>2017 \\u2013 predava\\u010d sa temom kompletne rehabilitacije OFS-a \\u2013 Aesthetic Dental Moment Zadar 2017, Dental World Budapest 2017<\\\/h6>\\n<\\\/li>\\n\n\n<li>\\n\n\n<h6>2017 \\u2013 u\\u010desnik ESCD closed meeting Bucharest i ESCD Zagreb meeting<\\\/h6>\\n<\\\/li>\\n\n\n<li>\\n\n\n<h6>2018 \\u2013 u\\u010desnik na dvodnevnom seminaru o VertiKal (Venuti, Maiolino) preparaciji u Beogradu<\\\/h6>\\n<\\\/li>\\n\n\n<li>\\n\n\n<h6>2018 \\u2013 predava\\u010d i voditelj kurseva u Srbiji sa temama: dentalna fotografija, digitalno planiranje osmeha, planiranje kompletnih rehabilitacija, direktne posteriorne i anteriorne kompozitne rekonstrukcije, kao i kerami\\u010dke ljuspice.<\\\/h6>\\n<\\\/li>\\n\n\n<li>\\n\n\n<h6>2018 \\u2013 predava\\u010d sa temom linijska demarkacija preparacije: Dental World Budapest<\\\/h6>\\n<\\\/li>\\n\n\n<li>\\n\n\n<h6>2018 \\u2013 u\\u010desnik hirur\\u0161kih hands-on kurseva Radoslava Jadacha u Beogradu<\\\/h6>\\n<\\\/li>\\n\n\n<li>\\n\n\n<h6>2019 \\u2013 voditelj hands-on i workshop-ova dentalne fotografije, linijske preparacije i planiranje kompletnih rehabilitacija u Beogradu i Budimpe\\u0161ti<\\\/h6>\\n<\\\/li>\\n\n\n<li>\\n\n\n<h6>2019 \\u2013 u\\u010desnik na 2. Balkan Implant Forum-u u Beogradu<\\\/h6>\\n<\\\/li>\\n\n\n<li>\\n\n\n<h6>2019 \\u2013 u\\u010desnik na Tomorrow Tooth VertiKal preparation Venuti \\u2013 Maiolino u Beogradu<\\\/h6>\\n<\\\/li>\\n\n\n<li>\\n\n\n<h6>2019 \\u2013 u\\u010desnik na Simpozijumu Sinergija 2.0 u Beogradu<\\\/h6>\\n<\\\/li>\\n\n\n<li>\\n\n\n<h6>2019 \\u2013 u\\u010desnik Prof. Rocabado masterclass na temu cranio-mandibularne disfunkcije u Klu\\u017eu<\\\/h6>\\n<\\\/li>\\n\n\n<li>\\n\n\n<h6>2019. \\u2013 u\\u010desnik na mukogingivalnom kursu Ricardo Kern-a u Beogradu<\\\/h6>\\n<\\\/li>\\n\n\n<li>\\n\n\n<h6>2020 \\u2013 predava\\u010d i voditelj kurseva u Beogradu, Budimpe\\u0161ti, Satu Mare i Podgorici sa temama: dentalna fotografija, digitalno planiranje osmeha, planiranje kompletnih rehabilitacija, kao i kerami\\u010dke ljuspice.<\\\/h6>\\n<\\\/li>\\n\n\n<li>\\n\n\n<h6>2021 \\u2013 petodnevni Smylist masterclass kod Dr. Csillag M\\u00e1ria-e u Budimpe\\u0161ti<\\\/h6>\\n<\\\/li>\\n\n\n<li>\\n\n\n<h6>2021 \\u2013 predava\\u010d i voditelj kurseva u Beogradu i Budimpe\\u0161ti sa temama: vertiprep, planiranje kompletnih rehabilitacija, TMZagri\\u017eaj kao i kerami\\u010dke ljuspice.<\\\/h6>\\n<\\\/li>\\n\n\n<li>\\n\n\n<h6>2022 \\u2013 Smylist predava\\u010d-Zadar: Aesthetic Dental Moments (najzna\\u010dajniji hrvatski kongres estetske dentalne medicine)<\\\/h6>\\n<\\\/li>\\n\n\n<li>\\n\n\n<h6>2022 \\u2013 u\\u010desnik na biomimetic posterior course \\u2013 Dr. Forster Andr\\u00e1s \\u2013 Budimpe\\u0161ta<\\\/h6>\\n<\\\/li>\\n\n\n<li>\\n\n\n<h6>2022 \\u2013 predava\\u010d na 1. Smylist World Congress, Hyderabad, India<\\\/h6>\\n<\\\/li>\\n\n\n<li>\\n\n\n<h6>2022 \\u2013 Eugenio Longo \\u2013 mukogingivalni hirur\\u0161ki hands-on kurs Beograd<\\\/h6>\\n<\\\/li>\\n\n\n<li>\\n\n\n<h6>2022 \\u2013 OHI-S \\u00e9s Ulpia online predava\\u010d na temu vertikalne preparacije<\\\/h6>\\n<\\\/li>\\n\n\n<li>\\n\n\n<h6>2022 \\u2013<span class=\\\"Apple-converted-space\\\">\\u00a0 <\\\/span>2 dnevni privatni kurs o kompleksnim rehabilitacijama za zaposlene jedne privatne klinike Osijek, Hrvatska<span class=\\\"Apple-converted-space\\\">\\u00a0<\\\/span><\\\/h6>\\n<\\\/li>\\n\n\n<li>\\n\n\n<h6>2022\\\/2023 \\u2013<span class=\\\"Apple-converted-space\\\">\\u00a0 <\\\/span>predava\\u010d i voditelj kurseva u Beogradu, Sarajevu, Rumuniji i Budimpe\\u0161ti sa temama: planiranje kompletnih rehabilitacija, vertiprep, TMZagri\\u017eaj kao i kerami\\u010dke ljuspice.<\\\/h6>\\n<\\\/li>\\n\n\n<li>\\n\n\n<h6>2022\\\/2023 \\u2013 Smylist mastercourse (ukupno 6 dana), Budimpe\\u0161ta<\\\/h6>\\n<\\\/li>\\n\n\n<li>\\n\n\n<h6>2023 \\u2013 predava\\u010d na kursu digitalnog planiranja osmeha u Beogradu<\\\/h6>\\n<\\\/li>\\n\n\n<li>\\n\n\n<h6>2023 \\u2013 predava\\u010d na kongresu Ma\\u0111arskog Udru\\u017eenja za Estetsku i Restaurativnu stom. U Budimpe\\u0161ti<\\\/h6>\\n<\\\/li>\\n\n\n<li>\\n\n\n<h6>2023 \\u2013 u\\u010desnik na posterior resin course \\u2013 Dr. Mindaugas Kudelis \\u2013 Budimpe\\u0161ta<\\\/h6>\\n<\\\/li>\\n\n\n<li>\\n\n\n<h6>2023-<span class=\\\"Apple-converted-space\\\">\\u00a0 <\\\/span>2 dnevni privatni kurs o kompleksnim rehabilitacijama za zaposlene jedne privatne klinike Rijeka, Hrvatska<\\\/h6>\\n<\\\/li>\\n\n\n<li>\\n\n\n<h6>2023 \\u2013 Eugenio Longo \\u2013 implantoplo\\u0161ki hands-on kurs u<span class=\\\"Apple-converted-space\\\">\\u00a0 <\\\/span>Beogradu<\\\/h6>\\n<\\\/li>\\n\n\n<li>\\n\n\n<h6>2023 \\u2013 u\\u010desnik na Functional dentistry congress (Okeson, Orthlieb\\u2026) \\u2013 Madrid, \\u0160panija<\\\/h6>\\n<\\\/li>\\n\n\n<li>\\n\n\n<h6>2024 \\u2013<span class=\\\"Apple-converted-space\\\">\\u00a0 <\\\/span>predava\\u010d i voditelj kurseva u Beogradu i Budimpe\\u0161ti sa temama: planiranje kompletnih rehabilitacija, vertiprep, TMZagri\\u017eaj kao i kerami\\u010dke ljuspice.<\\\/h6>\\n<\\\/li>\\n\n\n<li>\\n\n\n<h6>2024 \\u2013 u\\u010desnik na Paulo Carvalho mukogingivalnom kursu u Beogradu<span class=\\\"Apple-converted-space\\\">\\u00a0<\\\/span><\\\/h6>\\n<\\\/li>\\n\n\n<li>\\n\n\n<h6>2024 \\u2013 Smylist gnatolo\\u0161ki i master degree course i osvajanje zvanja Smylist master and lecturer, Smylist on ESCD Belgrade 2024 predava\\u010d sa Dr. Csillag M\\u00e1ria<\\\/h6>\\n<\\\/li>\\n<\\\/ul>\\n\n\n<h5>i ne stajem, jer pacijenti zaslu\\u017euju najaktuelnije znanje i maksimalisti\\u010dku odanost!!!<\\\/h5>\",\"margin\":\"default\"}}]}]},{\"type\":\"row\",\"props\":{\"column_gap\":\"large\",\"layout\":\"1-3,2-3\",\"margin\":\"xlarge\",\"width\":\"small\"},\"children\":[{\"type\":\"column\",\"props\":{\"image_position\":\"center-center\",\"position_sticky_breakpoint\":\"m\",\"width_medium\":\"1-3\"},\"children\":[{\"type\":\"headline\",\"props\":{\"content\":\"<span>Sertifikati i nagrade, diplome<\\\/span>\",\"position\":\"relative\",\"position_z_index\":\"1\",\"title_element\":\"h2\",\"title_style\":\"h3\"}}]},{\"type\":\"column\",\"props\":{\"image_position\":\"center-center\",\"position_sticky_breakpoint\":\"m\",\"width_medium\":\"2-3\"},\"children\":[{\"type\":\"grid\",\"props\":{\"content_column_breakpoint\":\"m\",\"filter_align\":\"left\",\"filter_all\":true,\"filter_grid_breakpoint\":\"m\",\"filter_grid_width\":\"auto\",\"filter_position\":\"top\",\"filter_style\":\"tab\",\"grid_column_gap\":\"small\",\"grid_default\":\"2\",\"grid_medium\":\"\",\"grid_row_gap\":\"small\",\"grid_small\":\"5\",\"icon_width\":80,\"image_align\":\"top\",\"image_grid_breakpoint\":\"m\",\"image_grid_width\":\"1-2\",\"image_svg_color\":\"muted\",\"image_svg_inline\":true,\"item_animation\":true,\"link_style\":\"default\",\"link_text\":\"Read more\",\"margin\":\"default\",\"meta_align\":\"below-title\",\"meta_element\":\"div\",\"meta_style\":\"text-meta\",\"parallax_easing\":\"1\",\"position\":\"relative\",\"position_z_index\":\"1\",\"show_content\":true,\"show_image\":true,\"show_link\":false,\"show_meta\":true,\"show_title\":false,\"text_align\":\"center\",\"title_align\":\"top\",\"title_element\":\"h3\",\"title_grid_breakpoint\":\"m\",\"title_grid_width\":\"1-2\",\"title_hover_style\":\"reset\"},\"children\":[{\"type\":\"grid_item\",\"props\":{\"image\":\"wp-content\\\/uploads\\\/2024\\\/12\\\/d-1-scaled.jpg\"}},{\"type\":\"grid_item\",\"props\":{\"image\":\"wp-content\\\/uploads\\\/2024\\\/12\\\/d-2-scaled.jpg\"}},{\"type\":\"grid_item\",\"props\":{\"image\":\"wp-content\\\/uploads\\\/2024\\\/12\\\/d-3-scaled.jpg\"}},{\"type\":\"grid_item\",\"props\":{\"image\":\"wp-content\\\/uploads\\\/2024\\\/12\\\/d-4-scaled.jpg\"}},{\"type\":\"grid_item\",\"props\":{\"image\":\"wp-content\\\/uploads\\\/2024\\\/12\\\/d-5-scaled.jpg\"}},{\"type\":\"grid_item\",\"props\":{\"image\":\"wp-content\\\/uploads\\\/2024\\\/12\\\/d-6-scaled.jpg\"}},{\"type\":\"grid_item\",\"props\":{\"image\":\"wp-content\\\/uploads\\\/2024\\\/12\\\/d-7m-scaled.jpg\"}},{\"type\":\"grid_item\",\"props\":{\"image\":\"wp-content\\\/uploads\\\/2024\\\/12\\\/d-8m-scaled.jpg\"}},{\"type\":\"grid_item\",\"props\":{\"image\":\"wp-content\\\/uploads\\\/2024\\\/12\\\/d-11m-scaled.jpg\"}},{\"type\":\"grid_item\",\"props\":{\"image\":\"wp-content\\\/uploads\\\/2024\\\/12\\\/d-10m-scaled.jpg\"}}],\"modified\":\"2021-07-28T08:40:05.564Z\"}]}]},{\"type\":\"row\",\"props\":{\"column_gap\":\"large\",\"layout\":\"1-3,2-3\",\"margin\":\"remove-vertical\",\"margin_remove_bottom\":false,\"width\":\"small\"},\"children\":[{\"type\":\"column\",\"props\":{\"image_position\":\"center-center\",\"position_sticky_breakpoint\":\"m\",\"width_medium\":\"1-3\"},\"children\":[{\"type\":\"headline\",\"props\":{\"content\":\"Zaka\\u017eite termin\",\"position_z_index\":\"0\",\"title_element\":\"h2\",\"title_style\":\"h3\"}}]},{\"type\":\"column\",\"props\":{\"image_position\":\"center-center\",\"position_sticky_breakpoint\":\"m\",\"width_medium\":\"2-3\"},\"children\":[{\"type\":\"description_list\",\"props\":{\"column\":\"1-2\",\"column_breakpoint\":\"s\",\"layout\":\"stacked\",\"list_element\":\"ul\",\"list_size\":\"large\",\"meta_align\":\"below-content\",\"meta_style\":\"text-meta\",\"position_z_index\":\"0\",\"show_content\":true,\"show_link\":true,\"show_meta\":true,\"show_title\":true,\"title_element\":\"div\",\"title_grid_column_gap\":\"small\",\"title_grid_row_gap\":\"small\",\"title_grid_width\":\"auto\",\"title_style\":\"h6\"},\"children\":[{\"type\":\"description_list_item\",\"props\":{\"content\":\"\n\n<p><span>14-19<\\\/span><\\\/p>\",\"title\":\"Ponedeljak\"}},{\"type\":\"description_list_item\",\"props\":{\"content\":\"\n\n<p><span>8-13<\\\/span><\\\/p>\",\"title\":\"Utorak\"}},{\"type\":\"description_list_item\",\"props\":{\"content\":\"\n\n<p><span>14-19<\\\/span><\\\/p>\",\"title\":\"Sreda\"}},{\"type\":\"description_list_item\",\"props\":{\"content\":\"\n\n<p><span>8-13<\\\/span><\\\/p>\",\"title\":\"\\u010cetvrtak\"}},{\"type\":\"description_list_item\",\"props\":{\"content\":\"\n\n<p><span>8-13<\\\/span><\\\/p>\",\"title\":\"Petak\"}},{\"type\":\"description_list_item\",\"props\":{\"content\":\"\n\n<p>\\u2014<\\\/p>\",\"title\":\"Subota\"}}]},{\"type\":\"text\",\"props\":{\"column_breakpoint\":\"m\",\"content\":\"\",\"margin\":\"\",\"position_z_index\":\"1\",\"text_style\":\"meta\"}}]}]}],\"name\":\"About\"},{\"type\":\"section\",\"props\":{\"image\":\"wp-content\\\/uploads\\\/2024\\\/10\\\/sheskalica-cta-bg.png\",\"image_position\":\"center-center\",\"image_size\":\"cover\",\"image_width\":\"2560\",\"padding\":\"large\",\"style\":\"default\",\"text_color\":\"light\",\"title_breakpoint\":\"xl\",\"title_position\":\"top-left\",\"title_rotation\":\"left\",\"vertical_align\":\"\",\"width\":\"expand\"},\"children\":[{\"type\":\"row\",\"children\":[{\"type\":\"column\",\"props\":{\"image_position\":\"center-center\",\"position_sticky_breakpoint\":\"m\"},\"children\":[{\"type\":\"headline\",\"props\":{\"content\":\"<span>Saznajte vi\\u0161e o na\\u0161oj praksi<\\\/span>\",\"maxwidth\":\"xlarge\",\"text_align\":\"left\",\"text_align_breakpoint\":\"s\",\"text_align_fallback\":\"center\",\"title_element\":\"h2\",\"title_style\":\"h1\"}},{\"type\":\"text\",\"props\":{\"column_breakpoint\":\"m\",\"content\":\"\n\n<p><span>Upoznajte tim i istra\\u017eite na\\u0161u praksu.<\\\/span><\\\/p>\",\"margin\":\"default\",\"maxwidth\":\"xlarge\",\"text_align\":\"left\",\"text_align_breakpoint\":\"s\",\"text_align_fallback\":\"center\",\"text_color\":\"emphasis\",\"text_style\":\"lead\"}},{\"type\":\"button\",\"props\":{\"button_size\":\"large\",\"grid_column_gap\":\"small\",\"grid_row_gap\":\"small\",\"margin\":\"medium\",\"status\":\"disabled\",\"text_align\":\"left\",\"text_align_breakpoint\":\"s\",\"text_align_fallback\":\"center\"},\"children\":[{\"type\":\"button_item\",\"props\":{\"button_style\":\"default\",\"content\":\"O nama\",\"icon_align\":\"left\",\"link\":\"index.php?page_id=4\"}}]}]}],\"props\":{\"width\":\"large\"}}],\"name\":\"Call to Action\",\"modified\":\"2021-07-28T09:45:54.236Z\"}],\"version\":\"4.4.5\"} --><\/p>\n","protected":false},"excerpt":{"rendered":"<p>Osniva\u010d ordinacije i garancija kvaliteta Tama\u0161 Kova\u010d Ro\u0111en sam 17.11.1976. u Subotici, gde sam poha\u0111ao i gimnaziju na ma\u0111arskom jeziku. Stomatolo\u0161ki fakultet sam zavr\u0161io 2001. u Beogradu sa prose\u010dnom ocenom 9,63. Na \u0161estoj godini sam izabran za studenta generacije uz jo\u0161 jednog kolegu. Naspram ponu\u0111enog radnog mesta asistenta na 5 klinika, ja sam ipak izabrao [&hellip;]<\/p>\n","protected":false},"author":1,"featured_media":2066,"parent":0,"menu_order":9,"comment_status":"open","ping_status":"open","template":"","meta":{"_acf_changed":false,"footnotes":""},"class_list":["post-7","page","type-page","status-publish","has-post-thumbnail","hentry"],"acf":[],"_links":{"self":[{"href":"https:\/\/prodent.rs\/sr\/wp-json\/wp\/v2\/pages\/7","targetHints":{"allow":["GET"]}}],"collection":[{"href":"https:\/\/prodent.rs\/sr\/wp-json\/wp\/v2\/pages"}],"about":[{"href":"https:\/\/prodent.rs\/sr\/wp-json\/wp\/v2\/types\/page"}],"author":[{"embeddable":true,"href":"https:\/\/prodent.rs\/sr\/wp-json\/wp\/v2\/users\/1"}],"replies":[{"embeddable":true,"href":"https:\/\/prodent.rs\/sr\/wp-json\/wp\/v2\/comments?post=7"}],"version-history":[{"count":61,"href":"https:\/\/prodent.rs\/sr\/wp-json\/wp\/v2\/pages\/7\/revisions"}],"predecessor-version":[{"id":2784,"href":"https:\/\/prodent.rs\/sr\/wp-json\/wp\/v2\/pages\/7\/revisions\/2784"}],"wp:featuredmedia":[{"embeddable":true,"href":"https:\/\/prodent.rs\/sr\/wp-json\/wp\/v2\/media\/2066"}],"wp:attachment":[{"href":"https:\/\/prodent.rs\/sr\/wp-json\/wp\/v2\/media?parent=7"}],"curies":[{"name":"wp","href":"https:\/\/api.w.org\/{rel}","templated":true}]}}